{"id":20,"date":"2020-12-06T12:06:47","date_gmt":"2020-12-06T11:06:47","guid":{"rendered":"http:\/\/heinrichs-shop.de\/?page_id=20"},"modified":"2022-03-16T13:46:34","modified_gmt":"2022-03-16T12:46:34","slug":"weingut","status":"publish","type":"page","link":"https:\/\/weingut-reineck-baltz.de\/en\/weingut\/","title":{"rendered":"Weingut"},"content":{"rendered":"\t\t<div data-elementor-type=\"wp-page\" data-elementor-id=\"20\" class=\"elementor elementor-20\" data-elementor-post-type=\"page\">\n\t\t\t\t\t\t<section class=\"elementor-section elementor-top-section elementor-element elementor-element-51a3b6d elementor-section-full_width elementor-section-height-default elementor-section-height-default\" data-id=\"51a3b6d\" data-element_type=\"section\" data-e-type=\"section\" data-settings=\"{&quot;shape_divider_bottom&quot;:&quot;opacity-tilt&quot;}\">\n\t\t\t\t\t<div class=\"elementor-shape elementor-shape-bottom\" aria-hidden=\"true\" data-negative=\"false\">\n\t\t\t<svg xmlns=\"http:\/\/www.w3.org\/2000\/svg\" viewBox=\"0 0 2600 131.1\" preserveAspectRatio=\"none\">\n\t<path class=\"elementor-shape-fill\" d=\"M0 0L2600 0 2600 69.1 0 0z\"\/>\n\t<path class=\"elementor-shape-fill\" style=\"opacity:0.5\" d=\"M0 0L2600 0 2600 69.1 0 69.1z\"\/>\n\t<path class=\"elementor-shape-fill\" style=\"opacity:0.25\" d=\"M2600 0L0 0 0 130.1 2600 69.1z\"\/>\n<\/svg>\t\t<\/div>\n\t\t\t\t\t<div class=\"elementor-container elementor-column-gap-default\">\n\t\t\t\t\t<div class=\"elementor-column elementor-col-50 elementor-top-column elementor-element elementor-element-fec8782\" data-id=\"fec8782\" data-element_type=\"column\" data-e-type=\"column\" data-settings=\"{&quot;background_background&quot;:&quot;classic&quot;,&quot;background_motion_fx_motion_fx_scrolling&quot;:&quot;yes&quot;,&quot;background_motion_fx_translateY_speed&quot;:{&quot;unit&quot;:&quot;px&quot;,&quot;size&quot;:3,&quot;sizes&quot;:[]},&quot;background_motion_fx_range&quot;:&quot;viewport&quot;,&quot;background_motion_fx_translateY_effect&quot;:&quot;yes&quot;,&quot;background_motion_fx_translateY_affectedRange&quot;:{&quot;unit&quot;:&quot;%&quot;,&quot;size&quot;:&quot;&quot;,&quot;sizes&quot;:{&quot;start&quot;:52,&quot;end&quot;:100}},&quot;background_motion_fx_devices&quot;:[&quot;desktop&quot;,&quot;tablet&quot;,&quot;mobile&quot;]}\">\n\t\t\t<div class=\"elementor-widget-wrap elementor-element-populated\">\n\t\t\t\t\t<div class=\"elementor-background-overlay\"><\/div>\n\t\t\t\t\t\t<div class=\"elementor-element elementor-element-91092f6 animated-slow elementor-invisible elementor-widget elementor-widget-heading\" data-id=\"91092f6\" data-element_type=\"widget\" data-e-type=\"widget\" data-settings=\"{&quot;_animation&quot;:&quot;fadeIn&quot;}\" data-widget_type=\"heading.default\">\n\t\t\t\t<div class=\"elementor-widget-container\">\n\t\t\t\t\t<h3 class=\"elementor-heading-title elementor-size-default\">Im Kern  Weinmachen <br>- im Herz  Weinsein<\/h3>\t\t\t\t<\/div>\n\t\t\t\t<\/div>\n\t\t\t\t<div class=\"elementor-element elementor-element-d7e7d42 animated-slow elementor-invisible elementor-widget elementor-widget-heading\" data-id=\"d7e7d42\" data-element_type=\"widget\" data-e-type=\"widget\" data-settings=\"{&quot;_animation&quot;:&quot;fadeIn&quot;}\" data-widget_type=\"heading.default\">\n\t\t\t\t<div class=\"elementor-widget-container\">\n\t\t\t\t\t<h2 class=\"elementor-heading-title elementor-size-default\">unsere Weine - so facettenreich wie wir <\/h2>\t\t\t\t<\/div>\n\t\t\t\t<\/div>\n\t\t\t\t\t<\/div>\n\t\t<\/div>\n\t\t\t\t<div class=\"elementor-column elementor-col-50 elementor-top-column elementor-element elementor-element-5645b5f\" data-id=\"5645b5f\" data-element_type=\"column\" data-e-type=\"column\">\n\t\t\t<div class=\"elementor-widget-wrap elementor-element-populated\">\n\t\t\t\t\t\t<div class=\"elementor-element elementor-element-08d3d6e elementor-widget elementor-widget-text-editor\" data-id=\"08d3d6e\" data-element_type=\"widget\" data-e-type=\"widget\" data-widget_type=\"text-editor.default\">\n\t\t\t\t<div class=\"elementor-widget-container\">\n\t\t\t\t\t\t\t\t\t<p><span style=\"font-weight: 400;\">Zwei Familien von Weinmacherninnen und Weinmachern bilden im Ursprung die Kerne &#8211; aus denen viele Jahrg\u00e4nge ihren Weg von der Trauben bis ins Glas genommen haben.&nbsp;<\/span><\/p>\t\t\t\t\t\t\t\t<\/div>\n\t\t\t\t<\/div>\n\t\t\t\t<div class=\"elementor-element elementor-element-182ab6c4 elementor-widget elementor-widget-text-editor\" data-id=\"182ab6c4\" data-element_type=\"widget\" data-e-type=\"widget\" data-widget_type=\"text-editor.default\">\n\t\t\t\t<div class=\"elementor-widget-container\">\n\t\t\t\t\t\t\t\t\t<p><span style=\"font-weight: 400;\">Denn im Kern geht es damals wie heute von Januar bis Dezember ums Weinmachen &#8211; die Natur gibt uns den Rhythmus und wir lassen uns ein, auf das was w\u00e4chst.\u00a0\u00a0<\/span><\/p>\t\t\t\t\t\t\t\t<\/div>\n\t\t\t\t<\/div>\n\t\t\t\t<div class=\"elementor-element elementor-element-4752067 elementor-widget elementor-widget-text-editor\" data-id=\"4752067\" data-element_type=\"widget\" data-e-type=\"widget\" data-widget_type=\"text-editor.default\">\n\t\t\t\t<div class=\"elementor-widget-container\">\n\t\t\t\t\t\t\t\t\t<p><span style=\"font-weight: 400;\">Das Streben nach \u201cWeinsein\u201d, steht dabei im Zentrum unseres Handelns. Wir sprechen diesen Begriff explizit als Einladung an Sie aus, sich auf das Neue Einzulassen und so den Zustand der Einheit von Mensch und Wein auf Ihre ganz pers\u00f6nliche Art und Weise zu erforschen.<\/span><\/p>\t\t\t\t\t\t\t\t<\/div>\n\t\t\t\t<\/div>\n\t\t\t\t<div class=\"elementor-element elementor-element-b9b97fc elementor-widget elementor-widget-elementskit-image-comparison\" data-id=\"b9b97fc\" data-element_type=\"widget\" data-e-type=\"widget\" data-widget_type=\"elementskit-image-comparison.default\">\n\t\t\t\t<div class=\"elementor-widget-container\">\n\t\t\t\t\t<div class=\"ekit-wid-con\" >\n\t\t<div class=\"elementskit-image-comparison image-comparison-container\" data-offset=\"0.2\" data-overlay=\"true\" data-label_after=\"\" data-label_before=\"\" data-move_slider_on_hover=\"\" data-click_to_move=\"\">\n\t\t\t<img decoding=\"async\" src=\"https:\/\/weingut-reineck-baltz.de\/wp-content\/uploads\/2022\/02\/Reineck-Baltz-Logo-Kerne-split-01.png\" title=\"Reineck-Baltz-Logo-Kerne-split-01\" alt=\"Reineck-Baltz-Logo-Kerne-split-01\" loading=\"lazy\" \/><img decoding=\"async\" src=\"https:\/\/weingut-reineck-baltz.de\/wp-content\/uploads\/2022\/02\/Reineck-Baltz-Logo-Kerne-vereint-einfarbig-01.png\" title=\"Reineck-Baltz-Logo-Kerne-vereint-einfarbig-01\" alt=\"Reineck-Baltz-Logo-Kerne-vereint-einfarbig-01\" loading=\"lazy\" \/>\t\t<\/div>\n\n\t<\/div>\t\t\t\t<\/div>\n\t\t\t\t<\/div>\n\t\t\t\t\t<\/div>\n\t\t<\/div>\n\t\t\t\t\t<\/div>\n\t\t<\/section>\n\t\t\t\t<section class=\"elementor-section elementor-top-section elementor-element elementor-element-4d349454 elementor-section-content-top elementor-reverse-mobile elementor-section-full_width elementor-section-height-default elementor-section-height-default\" data-id=\"4d349454\" data-element_type=\"section\" data-e-type=\"section\" data-settings=\"{&quot;shape_divider_top&quot;:&quot;opacity-tilt&quot;}\">\n\t\t\t\t\t<div class=\"elementor-shape elementor-shape-top\" aria-hidden=\"true\" data-negative=\"false\">\n\t\t\t<svg xmlns=\"http:\/\/www.w3.org\/2000\/svg\" viewBox=\"0 0 2600 131.1\" preserveAspectRatio=\"none\">\n\t<path class=\"elementor-shape-fill\" d=\"M0 0L2600 0 2600 69.1 0 0z\"\/>\n\t<path class=\"elementor-shape-fill\" style=\"opacity:0.5\" d=\"M0 0L2600 0 2600 69.1 0 69.1z\"\/>\n\t<path class=\"elementor-shape-fill\" style=\"opacity:0.25\" d=\"M2600 0L0 0 0 130.1 2600 69.1z\"\/>\n<\/svg>\t\t<\/div>\n\t\t\t\t\t<div class=\"elementor-container elementor-column-gap-no\">\n\t\t\t\t\t<div class=\"elementor-column elementor-col-50 elementor-top-column elementor-element elementor-element-5c2fea3\" data-id=\"5c2fea3\" data-element_type=\"column\" data-e-type=\"column\">\n\t\t\t<div class=\"elementor-widget-wrap elementor-element-populated\">\n\t\t\t\t\t\t<div class=\"elementor-element elementor-element-04ef35d elementor-widget elementor-widget-heading\" data-id=\"04ef35d\" data-element_type=\"widget\" data-e-type=\"widget\" data-widget_type=\"heading.default\">\n\t\t\t\t<div class=\"elementor-widget-container\">\n\t\t\t\t\t<h1 class=\"elementor-heading-title elementor-size-default\">Die Lage<\/h1>\t\t\t\t<\/div>\n\t\t\t\t<\/div>\n\t\t\t\t<div class=\"elementor-element elementor-element-3be7616 elementor-widget elementor-widget-text-editor\" data-id=\"3be7616\" data-element_type=\"widget\" data-e-type=\"widget\" data-widget_type=\"text-editor.default\">\n\t\t\t\t<div class=\"elementor-widget-container\">\n\t\t\t\t\t\t\t\t\t<p>Sie finden unser Weingut in Guntersblum an der Rheinterrasse zwischen Mainz und Worms in Rheinhessen. Hier hei\u00dfen wir Sie herzlich willkommen in unserer Vinothek im historischen Kellerweg &#8211; gelegen oberhalb des alten Ortskerns von Guntersblum in unmittelbarer N\u00e4he der Weinberge.<\/p><p>Genie\u00dfen sie w\u00e4hrend der Sommermonate den mediterranen Flair und lassen sie Ihren Blick von unserem G\u00e4rtchen aus auf den Weinh\u00e4ngen ruhen. Als Ausgangspunkt, um die H\u00e4nge w\u00e4hrend eines kleinen Spaziergangs selbst zu erkunden, bietet sich von hier aus ein Abstecher zum Weinlehrpfad oder dem Rheinterrassenweg an.<\/p><p>Wir arbeiten als eines der wenigen Weing\u00fcter vollst\u00e4ndig in den urspr\u00fcnglichen Kellergew\u00f6lben im Untergrund des Kellerwegs. Dort begleiten wir unsere Weine vom Keltern der Trauben und verg\u00e4ren des Mosts bis zur Abf\u00fcllung. Auch w\u00e4hrend hei\u00dfer oder frostiger Au\u00dfentemperaturen profitieren sie dabei von dem konstanten Mikroklima der gesch\u00fctzten Bruchsteingew\u00f6lbe.<\/p>\t\t\t\t\t\t\t\t<\/div>\n\t\t\t\t<\/div>\n\t\t\t\t\t<\/div>\n\t\t<\/div>\n\t\t\t\t<div class=\"elementor-column elementor-col-50 elementor-top-column elementor-element elementor-element-361f25f3\" data-id=\"361f25f3\" data-element_type=\"column\" data-e-type=\"column\" data-settings=\"{&quot;background_background&quot;:&quot;classic&quot;,&quot;background_motion_fx_translateY_effect&quot;:&quot;yes&quot;,&quot;background_motion_fx_motion_fx_scrolling&quot;:&quot;yes&quot;,&quot;background_motion_fx_translateY_speed&quot;:{&quot;unit&quot;:&quot;px&quot;,&quot;size&quot;:4,&quot;sizes&quot;:[]},&quot;background_motion_fx_translateY_affectedRange&quot;:{&quot;unit&quot;:&quot;%&quot;,&quot;size&quot;:&quot;&quot;,&quot;sizes&quot;:{&quot;start&quot;:0,&quot;end&quot;:100}},&quot;background_motion_fx_devices&quot;:[&quot;desktop&quot;,&quot;tablet&quot;,&quot;mobile&quot;]}\">\n\t\t\t<div class=\"elementor-widget-wrap elementor-element-populated\">\n\t\t\t\t\t\t<div class=\"elementor-element elementor-element-89f623f elementor-widget elementor-widget-text-editor\" data-id=\"89f623f\" data-element_type=\"widget\" data-e-type=\"widget\" data-widget_type=\"text-editor.default\">\n\t\t\t\t<div class=\"elementor-widget-container\">\n\t\t\t\t\t\t\t\t\t<p>Verortung<\/p>\t\t\t\t\t\t\t\t<\/div>\n\t\t\t\t<\/div>\n\t\t\t\t<div class=\"elementor-element elementor-element-c1c3c87 elementor-widget-divider--view-line elementor-widget elementor-widget-divider\" data-id=\"c1c3c87\" data-element_type=\"widget\" data-e-type=\"widget\" data-widget_type=\"divider.default\">\n\t\t\t\t<div class=\"elementor-widget-container\">\n\t\t\t\t\t\t\t<div class=\"elementor-divider\">\n\t\t\t<span class=\"elementor-divider-separator\">\n\t\t\t\t\t\t<\/span>\n\t\t<\/div>\n\t\t\t\t\t\t<\/div>\n\t\t\t\t<\/div>\n\t\t\t\t\t<\/div>\n\t\t<\/div>\n\t\t\t\t\t<\/div>\n\t\t<\/section>\n\t\t\t\t<section class=\"elementor-section elementor-top-section elementor-element elementor-element-7dec1379 elementor-section-content-middle elementor-section-boxed elementor-section-height-default elementor-section-height-default\" data-id=\"7dec1379\" data-element_type=\"section\" data-e-type=\"section\" data-settings=\"{&quot;background_background&quot;:&quot;classic&quot;}\">\n\t\t\t\t\t\t<div class=\"elementor-container elementor-column-gap-no\">\n\t\t\t\t\t<div class=\"elementor-column elementor-col-50 elementor-top-column elementor-element elementor-element-3b44c8c4\" data-id=\"3b44c8c4\" data-element_type=\"column\" data-e-type=\"column\">\n\t\t\t<div class=\"elementor-widget-wrap elementor-element-populated\">\n\t\t\t\t\t\t<div class=\"elementor-element elementor-element-58df585d elementor-widget elementor-widget-image\" data-id=\"58df585d\" data-element_type=\"widget\" data-e-type=\"widget\" data-widget_type=\"image.default\">\n\t\t\t\t<div class=\"elementor-widget-container\">\n\t\t\t\t\t\t\t\t\t\t\t\t\t\t\t<img fetchpriority=\"high\" decoding=\"async\" width=\"2000\" height=\"1500\" src=\"https:\/\/weingut-reineck-baltz.de\/wp-content\/uploads\/2020\/12\/cropped-IMG_20180512_122237-scaled-1.jpg\" class=\"attachment-full size-full wp-image-3140\" alt=\"\" srcset=\"https:\/\/weingut-reineck-baltz.de\/wp-content\/uploads\/2020\/12\/cropped-IMG_20180512_122237-scaled-1.jpg 2000w, https:\/\/weingut-reineck-baltz.de\/wp-content\/uploads\/2020\/12\/cropped-IMG_20180512_122237-scaled-1-300x225.jpg 300w, https:\/\/weingut-reineck-baltz.de\/wp-content\/uploads\/2020\/12\/cropped-IMG_20180512_122237-scaled-1-600x450.jpg 600w, https:\/\/weingut-reineck-baltz.de\/wp-content\/uploads\/2020\/12\/cropped-IMG_20180512_122237-scaled-1-1024x768.jpg 1024w, https:\/\/weingut-reineck-baltz.de\/wp-content\/uploads\/2020\/12\/cropped-IMG_20180512_122237-scaled-1-768x576.jpg 768w, https:\/\/weingut-reineck-baltz.de\/wp-content\/uploads\/2020\/12\/cropped-IMG_20180512_122237-scaled-1-1536x1152.jpg 1536w\" sizes=\"(max-width: 2000px) 100vw, 2000px\" \/>\t\t\t\t\t\t\t\t\t\t\t\t\t\t\t<\/div>\n\t\t\t\t<\/div>\n\t\t\t\t\t<\/div>\n\t\t<\/div>\n\t\t\t\t<div class=\"elementor-column elementor-col-50 elementor-top-column elementor-element elementor-element-75469a9d\" data-id=\"75469a9d\" data-element_type=\"column\" data-e-type=\"column\">\n\t\t\t<div class=\"elementor-widget-wrap elementor-element-populated\">\n\t\t\t\t\t\t<div class=\"elementor-element elementor-element-0ca5a21 elementor-widget elementor-widget-heading\" data-id=\"0ca5a21\" data-element_type=\"widget\" data-e-type=\"widget\" data-widget_type=\"heading.default\">\n\t\t\t\t<div class=\"elementor-widget-container\">\n\t\t\t\t\t<h1 class=\"elementor-heading-title elementor-size-default\">Vinothek<\/h1>\t\t\t\t<\/div>\n\t\t\t\t<\/div>\n\t\t\t\t<div class=\"elementor-element elementor-element-2af3eb2 elementor-widget elementor-widget-text-editor\" data-id=\"2af3eb2\" data-element_type=\"widget\" data-e-type=\"widget\" data-widget_type=\"text-editor.default\">\n\t\t\t\t<div class=\"elementor-widget-container\">\n\t\t\t\t\t\t\t\t\t<p><span style=\"font-weight: 400;\">Wer Wein gerne in moderner Atmosph\u00e4re genie\u00dft, ist in unserer Vinothek im alten Kelterhaus im Kellerweg genau richtig. Hier empfangen wir Sie herzlich &#8211; ob Weineinsteiger oder Weinkenner &#8211; wir nehmen uns Zeit, um gemeinsam mit Ihnen unsere Weine in Ruhe zu verkosten. Eine Weinprobe dauert bei uns in der Regel 500-1000 Kerne lang und bietet Raum, Ihre pers\u00f6nlichen Lieblingsweine\u00a0<\/span><span style=\"font-weight: 400;\">zu entdecken.\u00a0<\/span><\/p><p><span style=\"font-weight: 400;\">Besuchen Sie uns zum Weineinkauf oder Weinprobe w\u00e4hrend unserer \u00d6ffnungszeiten. Gruppen bitten wir mit uns zuvor einen Termin zur Probe abzustimmen. Selbstverst\u00e4ndlich sind wir dar\u00fcber hinaus auch au\u00dferhalb dieser Zeiten nach Absprache vor Ort zu erreichen.\u00a0<\/span><\/p><p><span style=\"font-weight: 400;\">Ein beliebter Treffpunkt f\u00fcr Weinliebhaberinnen und Weinliebhaber sind unsere Weinprobiertage, die j\u00e4hrlich am Muttertagswochende sowie am ersten Adventswochende stattfinden. Hier herrscht rund um das Weingut lebendiges Treiben und in einer offenen Verkostung steht unser gesamtes Wein\u2013 und Sektsortiment zur Verkostung bereit.\u00a0<\/span><\/p>\t\t\t\t\t\t\t\t<\/div>\n\t\t\t\t<\/div>\n\t\t\t\t\t<\/div>\n\t\t<\/div>\n\t\t\t\t\t<\/div>\n\t\t<\/section>\n\t\t\t\t<section class=\"elementor-section elementor-top-section elementor-element elementor-element-f9074dc elementor-section-content-middle elementor-reverse-mobile elementor-section-boxed elementor-section-height-default elementor-section-height-default\" data-id=\"f9074dc\" data-element_type=\"section\" data-e-type=\"section\" data-settings=\"{&quot;background_background&quot;:&quot;classic&quot;}\">\n\t\t\t\t\t\t<div class=\"elementor-container elementor-column-gap-no\">\n\t\t\t\t\t<div class=\"elementor-column elementor-col-50 elementor-top-column elementor-element elementor-element-66a7074\" data-id=\"66a7074\" data-element_type=\"column\" data-e-type=\"column\">\n\t\t\t<div class=\"elementor-widget-wrap elementor-element-populated\">\n\t\t\t\t\t\t<div class=\"elementor-element elementor-element-df1f158 elementor-widget elementor-widget-heading\" data-id=\"df1f158\" data-element_type=\"widget\" data-e-type=\"widget\" data-widget_type=\"heading.default\">\n\t\t\t\t<div class=\"elementor-widget-container\">\n\t\t\t\t\t<h1 class=\"elementor-heading-title elementor-size-default\">Weinberge<\/h1>\t\t\t\t<\/div>\n\t\t\t\t<\/div>\n\t\t\t\t<div class=\"elementor-element elementor-element-a450ea3 elementor-widget elementor-widget-text-editor\" data-id=\"a450ea3\" data-element_type=\"widget\" data-e-type=\"widget\" data-widget_type=\"text-editor.default\">\n\t\t\t\t<div class=\"elementor-widget-container\">\n\t\t\t\t\t\t\t\t\t<p><span style=\"font-weight: 400;\">Wir pflegen 15 ha Weinberge entlang der Rheinterrasse in Guntersblum und Ludwigsh\u00f6he.Dort wachsen\u00a0 unsere Rebst\u00f6cke in verschiedenen Weinbergslagen .<\/span><\/p><p><span style=\"font-weight: 400;\">Diese Weinberge sind Ost- S\u00fcdost exponiert, sanft neigen sich die Rebh\u00e4nge in Richtung Rhein.<\/span><\/p><p><span style=\"font-weight: 400;\">\u00a0Dort erlangen unsere Trauben im Zusammenspiel mit dem sonnigen, warmen Klima\u00a0 einen perfekten Reifegrad.Hier wachsen unsere Lagenweine.<\/span><\/p><p><span style=\"font-weight: 400;\">Die B\u00f6den sind L\u00f6ss-Lehm gepr\u00e4gt,die Reben durchwurzeln dicke L\u00f6ss- Lehmschichten und treffen im Untergrund auf Kalkfelsen.<\/span><\/p><p><span style=\"font-weight: 400;\">Ideal erg\u00e4nzen\u00a0 sich dazu unsere k\u00fchleren Lagen auf dem Plateau\u00a0 der Kreuzkapelle , die etwas h\u00f6her gelegen sind. Diese\u00a0 Rieslinge mit\u00a0 ihrem\u00a0 cool climate Charakter\u00a0 bilden einen festen\u00a0 Bestandteil unser Riesling Ortsweine und sind gerade ein sehr hei\u00dfen Jahren unverzichtbar.<\/span><\/p>\t\t\t\t\t\t\t\t<\/div>\n\t\t\t\t<\/div>\n\t\t\t\t\t<\/div>\n\t\t<\/div>\n\t\t\t\t<div class=\"elementor-column elementor-col-50 elementor-top-column elementor-element elementor-element-1d3d22f\" data-id=\"1d3d22f\" data-element_type=\"column\" data-e-type=\"column\">\n\t\t\t<div class=\"elementor-widget-wrap elementor-element-populated\">\n\t\t\t\t\t\t<div class=\"elementor-element elementor-element-5250b56 elementor-widget elementor-widget-image\" data-id=\"5250b56\" data-element_type=\"widget\" data-e-type=\"widget\" data-widget_type=\"image.default\">\n\t\t\t\t<div class=\"elementor-widget-container\">\n\t\t\t\t\t\t\t\t\t\t\t\t\t\t\t<img decoding=\"async\" width=\"2560\" height=\"1707\" src=\"https:\/\/weingut-reineck-baltz.de\/wp-content\/uploads\/2020\/12\/weinbergeIMG_0273-scaled.jpg\" class=\"attachment-full size-full wp-image-52\" alt=\"\" srcset=\"https:\/\/weingut-reineck-baltz.de\/wp-content\/uploads\/2020\/12\/weinbergeIMG_0273-scaled.jpg 2560w, https:\/\/weingut-reineck-baltz.de\/wp-content\/uploads\/2020\/12\/weinbergeIMG_0273-scaled-300x200.jpg 300w, https:\/\/weingut-reineck-baltz.de\/wp-content\/uploads\/2020\/12\/weinbergeIMG_0273-scaled-600x400.jpg 600w, https:\/\/weingut-reineck-baltz.de\/wp-content\/uploads\/2020\/12\/weinbergeIMG_0273-1024x683.jpg 1024w, https:\/\/weingut-reineck-baltz.de\/wp-content\/uploads\/2020\/12\/weinbergeIMG_0273-768x512.jpg 768w, https:\/\/weingut-reineck-baltz.de\/wp-content\/uploads\/2020\/12\/weinbergeIMG_0273-1536x1024.jpg 1536w, https:\/\/weingut-reineck-baltz.de\/wp-content\/uploads\/2020\/12\/weinbergeIMG_0273-2048x1365.jpg 2048w\" sizes=\"(max-width: 2560px) 100vw, 2560px\" \/>\t\t\t\t\t\t\t\t\t\t\t\t\t\t\t<\/div>\n\t\t\t\t<\/div>\n\t\t\t\t\t<\/div>\n\t\t<\/div>\n\t\t\t\t\t<\/div>\n\t\t<\/section>\n\t\t\t\t<\/div>\n\t\t","protected":false},"excerpt":{"rendered":"<p>Im Kern Weinmachen &#8211; im Herz Weinsein unsere Weine &#8211; so facettenreich wie wir Zwei Familien von Weinmacherninnen und Weinmachern bilden im Ursprung die Kerne &#8211; aus denen viele Jahrg\u00e4nge ihren Weg von der Trauben bis ins Glas genommen haben.&nbsp; Denn im Kern geht es damals wie heute von Januar bis Dezember ums Weinmachen &#8211; [&hellip;]<\/p>\n","protected":false},"author":1,"featured_media":0,"parent":0,"menu_order":0,"comment_status":"closed","ping_status":"closed","template":"elementor_header_footer","meta":{"footnotes":""},"class_list":["post-20","page","type-page","status-publish","hentry"],"yoast_head":"<!-- This site is optimized with the Yoast SEO plugin v27.0 - https:\/\/yoast.com\/product\/yoast-seo-wordpress\/ -->\n<title>Weingut - Weingut Reineck-Baltz<\/title>\n<meta name=\"robots\" content=\"index, follow, max-snippet:-1, max-image-preview:large, max-video-preview:-1\" \/>\n<link rel=\"canonical\" href=\"https:\/\/weingut-reineck-baltz.de\/en\/weingut\/\" \/>\n<meta property=\"og:locale\" content=\"en_US\" \/>\n<meta property=\"og:type\" content=\"article\" \/>\n<meta property=\"og:title\" content=\"Weingut - Weingut Reineck-Baltz\" \/>\n<meta property=\"og:description\" content=\"Im Kern Weinmachen &#8211; im Herz Weinsein unsere Weine &#8211; so facettenreich wie wir Zwei Familien von Weinmacherninnen und Weinmachern bilden im Ursprung die Kerne &#8211; aus denen viele Jahrg\u00e4nge ihren Weg von der Trauben bis ins Glas genommen haben.&nbsp; Denn im Kern geht es damals wie heute von Januar bis Dezember ums Weinmachen &#8211; [&hellip;]\" \/>\n<meta property=\"og:url\" content=\"https:\/\/weingut-reineck-baltz.de\/en\/weingut\/\" \/>\n<meta property=\"og:site_name\" content=\"Weingut Reineck-Baltz\" \/>\n<meta property=\"article:modified_time\" content=\"2022-03-16T12:46:34+00:00\" \/>\n<meta property=\"og:image\" content=\"https:\/\/weingut-reineck-baltz.de\/wp-content\/uploads\/2022\/02\/Reineck-Baltz-Logo-Kerne-split-01.png\" \/>\n<meta name=\"twitter:card\" content=\"summary_large_image\" \/>\n<meta name=\"twitter:label1\" content=\"Est. reading time\" \/>\n\t<meta name=\"twitter:data1\" content=\"4 minutes\" \/>\n<script type=\"application\/ld+json\" class=\"yoast-schema-graph\">{\"@context\":\"https:\/\/schema.org\",\"@graph\":[{\"@type\":\"WebPage\",\"@id\":\"https:\/\/weingut-reineck-baltz.de\/weingut\/\",\"url\":\"https:\/\/weingut-reineck-baltz.de\/weingut\/\",\"name\":\"Weingut - Weingut Reineck-Baltz\",\"isPartOf\":{\"@id\":\"https:\/\/weingut-reineck-baltz.de\/#website\"},\"primaryImageOfPage\":{\"@id\":\"https:\/\/weingut-reineck-baltz.de\/weingut\/#primaryimage\"},\"image\":{\"@id\":\"https:\/\/weingut-reineck-baltz.de\/weingut\/#primaryimage\"},\"thumbnailUrl\":\"https:\/\/weingut-reineck-baltz.de\/wp-content\/uploads\/2022\/02\/Reineck-Baltz-Logo-Kerne-split-01.png\",\"datePublished\":\"2020-12-06T11:06:47+00:00\",\"dateModified\":\"2022-03-16T12:46:34+00:00\",\"breadcrumb\":{\"@id\":\"https:\/\/weingut-reineck-baltz.de\/weingut\/#breadcrumb\"},\"inLanguage\":\"en-CA\",\"potentialAction\":[{\"@type\":\"ReadAction\",\"target\":[\"https:\/\/weingut-reineck-baltz.de\/weingut\/\"]}]},{\"@type\":\"ImageObject\",\"inLanguage\":\"en-CA\",\"@id\":\"https:\/\/weingut-reineck-baltz.de\/weingut\/#primaryimage\",\"url\":\"https:\/\/weingut-reineck-baltz.de\/wp-content\/uploads\/2022\/02\/Reineck-Baltz-Logo-Kerne-split-01.png\",\"contentUrl\":\"https:\/\/weingut-reineck-baltz.de\/wp-content\/uploads\/2022\/02\/Reineck-Baltz-Logo-Kerne-split-01.png\"},{\"@type\":\"BreadcrumbList\",\"@id\":\"https:\/\/weingut-reineck-baltz.de\/weingut\/#breadcrumb\",\"itemListElement\":[{\"@type\":\"ListItem\",\"position\":1,\"name\":\"Startseite\",\"item\":\"https:\/\/weingut-reineck-baltz.de\/\"},{\"@type\":\"ListItem\",\"position\":2,\"name\":\"Weingut\"}]},{\"@type\":\"WebSite\",\"@id\":\"https:\/\/weingut-reineck-baltz.de\/#website\",\"url\":\"https:\/\/weingut-reineck-baltz.de\/\",\"name\":\"Weingut Reineck-Baltz\",\"description\":\"\",\"publisher\":{\"@id\":\"https:\/\/weingut-reineck-baltz.de\/#organization\"},\"potentialAction\":[{\"@type\":\"SearchAction\",\"target\":{\"@type\":\"EntryPoint\",\"urlTemplate\":\"https:\/\/weingut-reineck-baltz.de\/?s={search_term_string}\"},\"query-input\":{\"@type\":\"PropertyValueSpecification\",\"valueRequired\":true,\"valueName\":\"search_term_string\"}}],\"inLanguage\":\"en-CA\"},{\"@type\":\"Organization\",\"@id\":\"https:\/\/weingut-reineck-baltz.de\/#organization\",\"name\":\"Weingut Reineck-Baltz\",\"url\":\"https:\/\/weingut-reineck-baltz.de\/\",\"logo\":{\"@type\":\"ImageObject\",\"inLanguage\":\"en-CA\",\"@id\":\"https:\/\/weingut-reineck-baltz.de\/#\/schema\/logo\/image\/\",\"url\":\"https:\/\/weingut-reineck-baltz.de\/wp-content\/uploads\/2020\/12\/Logo_Farbe.svg\",\"contentUrl\":\"https:\/\/weingut-reineck-baltz.de\/wp-content\/uploads\/2020\/12\/Logo_Farbe.svg\",\"width\":1805,\"height\":805,\"caption\":\"Weingut Reineck-Baltz\"},\"image\":{\"@id\":\"https:\/\/weingut-reineck-baltz.de\/#\/schema\/logo\/image\/\"}}]}<\/script>\n<!-- \/ Yoast SEO plugin. -->","yoast_head_json":{"title":"Weingut - Weingut Reineck-Baltz","robots":{"index":"index","follow":"follow","max-snippet":"max-snippet:-1","max-image-preview":"max-image-preview:large","max-video-preview":"max-video-preview:-1"},"canonical":"https:\/\/weingut-reineck-baltz.de\/en\/weingut\/","og_locale":"en_US","og_type":"article","og_title":"Weingut - Weingut Reineck-Baltz","og_description":"Im Kern Weinmachen &#8211; im Herz Weinsein unsere Weine &#8211; so facettenreich wie wir Zwei Familien von Weinmacherninnen und Weinmachern bilden im Ursprung die Kerne &#8211; aus denen viele Jahrg\u00e4nge ihren Weg von der Trauben bis ins Glas genommen haben.&nbsp; Denn im Kern geht es damals wie heute von Januar bis Dezember ums Weinmachen &#8211; [&hellip;]","og_url":"https:\/\/weingut-reineck-baltz.de\/en\/weingut\/","og_site_name":"Weingut Reineck-Baltz","article_modified_time":"2022-03-16T12:46:34+00:00","og_image":[{"url":"https:\/\/weingut-reineck-baltz.de\/wp-content\/uploads\/2022\/02\/Reineck-Baltz-Logo-Kerne-split-01.png","type":"","width":"","height":""}],"twitter_card":"summary_large_image","twitter_misc":{"Est. reading time":"4 minutes"},"schema":{"@context":"https:\/\/schema.org","@graph":[{"@type":"WebPage","@id":"https:\/\/weingut-reineck-baltz.de\/weingut\/","url":"https:\/\/weingut-reineck-baltz.de\/weingut\/","name":"Weingut - Weingut Reineck-Baltz","isPartOf":{"@id":"https:\/\/weingut-reineck-baltz.de\/#website"},"primaryImageOfPage":{"@id":"https:\/\/weingut-reineck-baltz.de\/weingut\/#primaryimage"},"image":{"@id":"https:\/\/weingut-reineck-baltz.de\/weingut\/#primaryimage"},"thumbnailUrl":"https:\/\/weingut-reineck-baltz.de\/wp-content\/uploads\/2022\/02\/Reineck-Baltz-Logo-Kerne-split-01.png","datePublished":"2020-12-06T11:06:47+00:00","dateModified":"2022-03-16T12:46:34+00:00","breadcrumb":{"@id":"https:\/\/weingut-reineck-baltz.de\/weingut\/#breadcrumb"},"inLanguage":"en-CA","potentialAction":[{"@type":"ReadAction","target":["https:\/\/weingut-reineck-baltz.de\/weingut\/"]}]},{"@type":"ImageObject","inLanguage":"en-CA","@id":"https:\/\/weingut-reineck-baltz.de\/weingut\/#primaryimage","url":"https:\/\/weingut-reineck-baltz.de\/wp-content\/uploads\/2022\/02\/Reineck-Baltz-Logo-Kerne-split-01.png","contentUrl":"https:\/\/weingut-reineck-baltz.de\/wp-content\/uploads\/2022\/02\/Reineck-Baltz-Logo-Kerne-split-01.png"},{"@type":"BreadcrumbList","@id":"https:\/\/weingut-reineck-baltz.de\/weingut\/#breadcrumb","itemListElement":[{"@type":"ListItem","position":1,"name":"Startseite","item":"https:\/\/weingut-reineck-baltz.de\/"},{"@type":"ListItem","position":2,"name":"Weingut"}]},{"@type":"WebSite","@id":"https:\/\/weingut-reineck-baltz.de\/#website","url":"https:\/\/weingut-reineck-baltz.de\/","name":"Weingut Reineck-Baltz","description":"","publisher":{"@id":"https:\/\/weingut-reineck-baltz.de\/#organization"},"potentialAction":[{"@type":"SearchAction","target":{"@type":"EntryPoint","urlTemplate":"https:\/\/weingut-reineck-baltz.de\/?s={search_term_string}"},"query-input":{"@type":"PropertyValueSpecification","valueRequired":true,"valueName":"search_term_string"}}],"inLanguage":"en-CA"},{"@type":"Organization","@id":"https:\/\/weingut-reineck-baltz.de\/#organization","name":"Weingut Reineck-Baltz","url":"https:\/\/weingut-reineck-baltz.de\/","logo":{"@type":"ImageObject","inLanguage":"en-CA","@id":"https:\/\/weingut-reineck-baltz.de\/#\/schema\/logo\/image\/","url":"https:\/\/weingut-reineck-baltz.de\/wp-content\/uploads\/2020\/12\/Logo_Farbe.svg","contentUrl":"https:\/\/weingut-reineck-baltz.de\/wp-content\/uploads\/2020\/12\/Logo_Farbe.svg","width":1805,"height":805,"caption":"Weingut Reineck-Baltz"},"image":{"@id":"https:\/\/weingut-reineck-baltz.de\/#\/schema\/logo\/image\/"}}]}},"jetpack_sharing_enabled":true,"_links":{"self":[{"href":"https:\/\/weingut-reineck-baltz.de\/en\/wp-json\/wp\/v2\/pages\/20","targetHints":{"allow":["GET"]}}],"collection":[{"href":"https:\/\/weingut-reineck-baltz.de\/en\/wp-json\/wp\/v2\/pages"}],"about":[{"href":"https:\/\/weingut-reineck-baltz.de\/en\/wp-json\/wp\/v2\/types\/page"}],"author":[{"embeddable":true,"href":"https:\/\/weingut-reineck-baltz.de\/en\/wp-json\/wp\/v2\/users\/1"}],"replies":[{"embeddable":true,"href":"https:\/\/weingut-reineck-baltz.de\/en\/wp-json\/wp\/v2\/comments?post=20"}],"version-history":[{"count":0,"href":"https:\/\/weingut-reineck-baltz.de\/en\/wp-json\/wp\/v2\/pages\/20\/revisions"}],"wp:attachment":[{"href":"https:\/\/weingut-reineck-baltz.de\/en\/wp-json\/wp\/v2\/media?parent=20"}],"curies":[{"name":"wp","href":"https:\/\/api.w.org\/{rel}","templated":true}]}}